{"id":3018,"date":"2021-05-09T11:00:00","date_gmt":"2021-05-09T09:00:00","guid":{"rendered":"https:\/\/transientimpuls.com\/?post_type=bibliothek&#038;p=3018"},"modified":"2021-05-09T11:01:21","modified_gmt":"2021-05-09T09:01:21","slug":"ur-sprache","status":"publish","type":"bibliothek","link":"https:\/\/transientimpuls.com\/en\/bibliothek\/ur-sprache\/","title":{"rendered":"Ur-Sprache"},"content":{"rendered":"\n<p>\u201eAm Anfang war das Wort\u201c. Nicht nur in der Bibel, auch in der Evolutionstheorie gilt Sprache als Initialz\u00fcndung bzw. Ur-Beginn der menschlichen Entwicklung, als Beginn der Kunst, weil erstmals Kommunikation m\u00f6glich war und damit auch Interpretation. Sprache bedeutet Entwicklung und hat sich immer weiterentwickelt.<br>Ist dann die primitive Ursprache unzul\u00e4nglich gewesen? Oder bedeuten moderne, sprachliche Ver\u00e4nderungen einen Verlust von Sprachkultur? W\u00e4re dann unsere moderne Umgangssprache, in der der Genitiv unattraktiver wird, \u201eDenglisch\u201c Teil des normalen Sprachgebrauchs ist und unregelm\u00e4\u00dfige Verben regelm\u00e4\u00dfig regelm\u00e4\u00dfig werden, primitiv?<\/p>\n\n\n\n<p>Ich habe mich zum Thema Sprache vor allem mit Wittgenstein besch\u00e4ftigt und seine Sprachtheorien geradezu verschlungen. Sprache ist vollst\u00e4ndig und funktionsf\u00e4hig, einfach, weil dir erst im Nachhinein auffallen kann, dass sie nicht vollst\u00e4ndig ist. Oder anders ausgedr\u00fcckt, Sprache ist immer, was wir gerade brauchen, ein Abbild der Gesellschaft, ihrer Lebensumst\u00e4nde, ihrer Zeit und gleichzeitig nie vollendet. Wittgenstein vergleicht die Sprache mit einer Stadt, in der alte H\u00e4user stehen, die zum Teil zerfallen oder abgerissen werden, zum Teil von Liebhabern restauriert werden. Die Stadt w\u00e4chst, es gibt neue H\u00e4user f\u00fcr den jeweiligen neuen Zweck. Einige davon w\u00fcrden wir als sch\u00f6n bezeichnen, andere, wie den Plattenbau vermutlich eher nicht. Aber als Sprecher lebender Sprachen erfinden wir t\u00e4glich neue W\u00f6rter, um Benennungsl\u00fccken zu schlie\u00dfen. Philipp von Zesen, ein Schriftsteller aus dem 17. Jhdt., hat zum Beispiel eine ansehnliche Liste an Neologismen f\u00fcr die deutsche Sprache geschaffen und wo w\u00e4re unsere Sprache heute ohne \u201eLebensl\u00e4ufe\u201c, \u201eLiebesgedichte\u201c und \u201eRechtschreibung\u201c? Neologismen der letzten Jahre sind: \u201eKlimakrise\u201c, \u201eBrexit\u201c und \u201emensplaining\u201c &#8211; ein Abbild unserer Gesellschaft. Letztendlich ist eine der Funktionen der Sprache, so Wittgenstein, zu beschreiben, was ist bzw. was wir wahrnehmen k\u00f6nnen. \u201eDu kannst nichts ausdr\u00fccken, was du nicht auch denken kannst.\u201c Deshalb fehlen uns die Worte f\u00fcr Wunder und Religion und jeder Versuch mit unserem Wortschatz \u201eGott\u201c zu erkl\u00e4ren f\u00fchrt entweder zur Erkenntnis, dass Gott nicht existiert, oder, dass wir nicht alles wissen. Die Grenzen meiner Sprache sind automatisch die Grenzen meiner Welt oder genauer meines Weltbildes.<\/p>\n\n\n\n<p>Doch die Sprache hat noch mehr Aufgaben. Wir brauchen sie um Gef\u00fchle auszudr\u00fccken, Regeln festzumachen und moralische Haltungen bekanntzugeben. \u201eDie Bedeutung eines Wortes ist sein Gebrauch in der Sprache:\u201c<\/p>\n\n\n\n<p>Sprache hat Bedeutung. Wie gro\u00df diese ist, stellt man dann fest, wenn sprachliche Bilder unser Denken manipulieren bzw. einschr\u00e4nken &#8211; \u201eFraming\u201c. Die Idee des Begriffs ist es, dass wir mit der Wortwahl einen Rahmen f\u00fcr die Gedanken der Zuh\u00f6rerInnen bilden, den der\/die Angesprochene nicht verlassen kann.<\/p>\n\n\n\n<p>In den n\u00e4chsten Monaten werde ich euch noch mehr von meiner Framing-Recherche berichten, doch jetzt zur\u00fcck zur Ursprache.<\/p>\n\n\n\n<p>Wie klingt es, wenn wir zu Ur-Sprache zur\u00fcck gehen, aus Kl\u00e4ngen eine Sprache entwickeln, die noch frei von Politik und Manipulation ist. Worte des Anfangs nur um Anfang darzustellen, das Herz von Sprache.<\/p>\n\n\n\n<p>Sowohl in meinem Workshop, als auch in meinem Projekt spielt diese Idee eine gro\u00dfe Rolle. Als S\u00e4ngerin ist Sprache mein t\u00e4glich Brot. Gibt es Gesang ohne Sprache? Wie weit k\u00f6nnen wir reduzieren? Wie viel Sprache k\u00f6nnen wir Un-gesprochen lassen und trotzdem noch etwas sagen? Wie unvollst\u00e4ndig kann noch verst\u00e4ndlich sein?<br>\u201eLet us sing the heart of sound\u201c.<\/p>\n","protected":false},"excerpt":{"rendered":"<p>\u201eAm Anfang war das Wort\u201c. Nicht nur in der Bibel, auch in der Evolutionstheorie gilt Sprache als Initialz\u00fcndung bzw. Ur-Beginn der menschlichen Entwicklung, als Beginn der Kunst, weil erstmals Kommunikation m\u00f6glich war und damit auch Interpretation. Sprache bedeutet Entwicklung und hat sich immer weiterentwickelt.Ist dann die primitive Ursprache unzul\u00e4nglich gewesen? Oder bedeuten moderne, sprachliche Ver\u00e4nderungen [&hellip;]<\/p>\n","protected":false},"author":5,"featured_media":3020,"parent":0,"template":"","format":"standard","categories":[39],"tags":[90,96,92,91,94,95,93],"festivaljahr":[],"class_list":["post-3018","bibliothek","type-bibliothek","status-publish","format-standard","has-post-thumbnail","hentry","category-ur-sprung","tag-anfang","tag-bedeutung","tag-framing","tag-sprache","tag-sprachkultur","tag-wittgenstein","tag-wort"],"acf":[],"yoast_head":"<!-- This site is optimized with the Yoast SEO plugin v22.2 - https:\/\/yoast.com\/wordpress\/plugins\/seo\/ -->\n<title>Ur-Sprache &#8226; TRANSIENT Labor und Academy 2022<\/title>\n<meta name=\"robots\" content=\"index, follow, max-snippet:-1, max-image-preview:large, max-video-preview:-1\" \/>\n<link rel=\"canonical\" href=\"https:\/\/transientimpuls.com\/bibliothek\/ur-sprache\/\" \/>\n<meta property=\"og:locale\" content=\"en_US\" \/>\n<meta property=\"og:type\" content=\"article\" \/>\n<meta property=\"og:title\" content=\"Ur-Sprache &#8226; TRANSIENT Labor und Academy 2022\" \/>\n<meta property=\"og:description\" content=\"\u201eAm Anfang war das Wort\u201c. Nicht nur in der Bibel, auch in der Evolutionstheorie gilt Sprache als Initialz\u00fcndung bzw. Ur-Beginn der menschlichen Entwicklung, als Beginn der Kunst, weil erstmals Kommunikation m\u00f6glich war und damit auch Interpretation. Sprache bedeutet Entwicklung und hat sich immer weiterentwickelt.Ist dann die primitive Ursprache unzul\u00e4nglich gewesen? Oder bedeuten moderne, sprachliche Ver\u00e4nderungen [&hellip;]\" \/>\n<meta property=\"og:url\" content=\"https:\/\/transientimpuls.com\/bibliothek\/ur-sprache\/\" \/>\n<meta property=\"og:site_name\" content=\"TRANSIENT Labor und Academy 2022\" \/>\n<meta property=\"article:publisher\" content=\"https:\/\/www.facebook.com\/TransientImpuls\" \/>\n<meta property=\"article:modified_time\" content=\"2021-05-09T09:01:21+00:00\" \/>\n<meta property=\"og:image\" content=\"https:\/\/transientimpuls.com\/wp-content\/uploads\/2021\/05\/36319028_988579154656838_3862592740743184384_n.jpg\" \/>\n\t<meta property=\"og:image:width\" content=\"700\" \/>\n\t<meta property=\"og:image:height\" content=\"1050\" \/>\n\t<meta property=\"og:image:type\" content=\"image\/jpeg\" \/>\n<meta name=\"twitter:card\" content=\"summary_large_image\" \/>\n<meta name=\"twitter:label1\" content=\"Est. reading time\" \/>\n\t<meta name=\"twitter:data1\" content=\"3 minutes\" \/>\n<script type=\"application\/ld+json\" class=\"yoast-schema-graph\">{\"@context\":\"https:\/\/schema.org\",\"@graph\":[{\"@type\":\"WebPage\",\"@id\":\"https:\/\/transientimpuls.com\/bibliothek\/ur-sprache\/\",\"url\":\"https:\/\/transientimpuls.com\/bibliothek\/ur-sprache\/\",\"name\":\"Ur-Sprache &#8226; TRANSIENT Labor und Academy 2022\",\"isPartOf\":{\"@id\":\"https:\/\/transientimpuls.com\/#website\"},\"primaryImageOfPage\":{\"@id\":\"https:\/\/transientimpuls.com\/bibliothek\/ur-sprache\/#primaryimage\"},\"image\":{\"@id\":\"https:\/\/transientimpuls.com\/bibliothek\/ur-sprache\/#primaryimage\"},\"thumbnailUrl\":\"https:\/\/transientimpuls.com\/wp-content\/uploads\/2021\/05\/36319028_988579154656838_3862592740743184384_n.jpg\",\"datePublished\":\"2021-05-09T09:00:00+00:00\",\"dateModified\":\"2021-05-09T09:01:21+00:00\",\"breadcrumb\":{\"@id\":\"https:\/\/transientimpuls.com\/bibliothek\/ur-sprache\/#breadcrumb\"},\"inLanguage\":\"en-US\",\"potentialAction\":[{\"@type\":\"ReadAction\",\"target\":[\"https:\/\/transientimpuls.com\/bibliothek\/ur-sprache\/\"]}]},{\"@type\":\"ImageObject\",\"inLanguage\":\"en-US\",\"@id\":\"https:\/\/transientimpuls.com\/bibliothek\/ur-sprache\/#primaryimage\",\"url\":\"https:\/\/transientimpuls.com\/wp-content\/uploads\/2021\/05\/36319028_988579154656838_3862592740743184384_n.jpg\",\"contentUrl\":\"https:\/\/transientimpuls.com\/wp-content\/uploads\/2021\/05\/36319028_988579154656838_3862592740743184384_n.jpg\",\"width\":700,\"height\":1050},{\"@type\":\"BreadcrumbList\",\"@id\":\"https:\/\/transientimpuls.com\/bibliothek\/ur-sprache\/#breadcrumb\",\"itemListElement\":[{\"@type\":\"ListItem\",\"position\":1,\"name\":\"Startseite\",\"item\":\"https:\/\/transientimpuls.com\/en\/home\/\"},{\"@type\":\"ListItem\",\"position\":2,\"name\":\"Bibliothek\",\"item\":\"https:\/\/transientimpuls.com\/bibliothek\/\"},{\"@type\":\"ListItem\",\"position\":3,\"name\":\"Ur-Sprache\"}]},{\"@type\":\"WebSite\",\"@id\":\"https:\/\/transientimpuls.com\/#website\",\"url\":\"https:\/\/transientimpuls.com\/\",\"name\":\"TRANSIENT Kulturprojekte\",\"description\":\"\",\"publisher\":{\"@id\":\"https:\/\/transientimpuls.com\/#organization\"},\"potentialAction\":[{\"@type\":\"SearchAction\",\"target\":{\"@type\":\"EntryPoint\",\"urlTemplate\":\"https:\/\/transientimpuls.com\/?s={search_term_string}\"},\"query-input\":\"required name=search_term_string\"}],\"inLanguage\":\"en-US\"},{\"@type\":\"Organization\",\"@id\":\"https:\/\/transientimpuls.com\/#organization\",\"name\":\"TRANSIENT Labor und Academy 2022\",\"url\":\"https:\/\/transientimpuls.com\/\",\"logo\":{\"@type\":\"ImageObject\",\"inLanguage\":\"en-US\",\"@id\":\"https:\/\/transientimpuls.com\/#\/schema\/logo\/image\/\",\"url\":\"https:\/\/transientimpuls.com\/wp-content\/uploads\/2022\/07\/transient_labor-academy-2022.svg\",\"contentUrl\":\"https:\/\/transientimpuls.com\/wp-content\/uploads\/2022\/07\/transient_labor-academy-2022.svg\",\"width\":1428,\"height\":388,\"caption\":\"TRANSIENT Labor und Academy 2022\"},\"image\":{\"@id\":\"https:\/\/transientimpuls.com\/#\/schema\/logo\/image\/\"},\"sameAs\":[\"https:\/\/www.facebook.com\/TransientImpuls\"]}]}<\/script>\n<!-- \/ Yoast SEO plugin. -->","yoast_head_json":{"title":"Ur-Sprache &#8226; TRANSIENT Labor und Academy 2022","robots":{"index":"index","follow":"follow","max-snippet":"max-snippet:-1","max-image-preview":"max-image-preview:large","max-video-preview":"max-video-preview:-1"},"canonical":"https:\/\/transientimpuls.com\/bibliothek\/ur-sprache\/","og_locale":"en_US","og_type":"article","og_title":"Ur-Sprache &#8226; TRANSIENT Labor und Academy 2022","og_description":"\u201eAm Anfang war das Wort\u201c. Nicht nur in der Bibel, auch in der Evolutionstheorie gilt Sprache als Initialz\u00fcndung bzw. Ur-Beginn der menschlichen Entwicklung, als Beginn der Kunst, weil erstmals Kommunikation m\u00f6glich war und damit auch Interpretation. Sprache bedeutet Entwicklung und hat sich immer weiterentwickelt.Ist dann die primitive Ursprache unzul\u00e4nglich gewesen? Oder bedeuten moderne, sprachliche Ver\u00e4nderungen [&hellip;]","og_url":"https:\/\/transientimpuls.com\/bibliothek\/ur-sprache\/","og_site_name":"TRANSIENT Labor und Academy 2022","article_publisher":"https:\/\/www.facebook.com\/TransientImpuls","article_modified_time":"2021-05-09T09:01:21+00:00","og_image":[{"width":700,"height":1050,"url":"https:\/\/transientimpuls.com\/wp-content\/uploads\/2021\/05\/36319028_988579154656838_3862592740743184384_n.jpg","type":"image\/jpeg"}],"twitter_card":"summary_large_image","twitter_misc":{"Est. reading time":"3 minutes"},"schema":{"@context":"https:\/\/schema.org","@graph":[{"@type":"WebPage","@id":"https:\/\/transientimpuls.com\/bibliothek\/ur-sprache\/","url":"https:\/\/transientimpuls.com\/bibliothek\/ur-sprache\/","name":"Ur-Sprache &#8226; TRANSIENT Labor und Academy 2022","isPartOf":{"@id":"https:\/\/transientimpuls.com\/#website"},"primaryImageOfPage":{"@id":"https:\/\/transientimpuls.com\/bibliothek\/ur-sprache\/#primaryimage"},"image":{"@id":"https:\/\/transientimpuls.com\/bibliothek\/ur-sprache\/#primaryimage"},"thumbnailUrl":"https:\/\/transientimpuls.com\/wp-content\/uploads\/2021\/05\/36319028_988579154656838_3862592740743184384_n.jpg","datePublished":"2021-05-09T09:00:00+00:00","dateModified":"2021-05-09T09:01:21+00:00","breadcrumb":{"@id":"https:\/\/transientimpuls.com\/bibliothek\/ur-sprache\/#breadcrumb"},"inLanguage":"en-US","potentialAction":[{"@type":"ReadAction","target":["https:\/\/transientimpuls.com\/bibliothek\/ur-sprache\/"]}]},{"@type":"ImageObject","inLanguage":"en-US","@id":"https:\/\/transientimpuls.com\/bibliothek\/ur-sprache\/#primaryimage","url":"https:\/\/transientimpuls.com\/wp-content\/uploads\/2021\/05\/36319028_988579154656838_3862592740743184384_n.jpg","contentUrl":"https:\/\/transientimpuls.com\/wp-content\/uploads\/2021\/05\/36319028_988579154656838_3862592740743184384_n.jpg","width":700,"height":1050},{"@type":"BreadcrumbList","@id":"https:\/\/transientimpuls.com\/bibliothek\/ur-sprache\/#breadcrumb","itemListElement":[{"@type":"ListItem","position":1,"name":"Startseite","item":"https:\/\/transientimpuls.com\/en\/home\/"},{"@type":"ListItem","position":2,"name":"Bibliothek","item":"https:\/\/transientimpuls.com\/bibliothek\/"},{"@type":"ListItem","position":3,"name":"Ur-Sprache"}]},{"@type":"WebSite","@id":"https:\/\/transientimpuls.com\/#website","url":"https:\/\/transientimpuls.com\/","name":"TRANSIENT Kulturprojekte","description":"","publisher":{"@id":"https:\/\/transientimpuls.com\/#organization"},"potentialAction":[{"@type":"SearchAction","target":{"@type":"EntryPoint","urlTemplate":"https:\/\/transientimpuls.com\/?s={search_term_string}"},"query-input":"required name=search_term_string"}],"inLanguage":"en-US"},{"@type":"Organization","@id":"https:\/\/transientimpuls.com\/#organization","name":"TRANSIENT Labor und Academy 2022","url":"https:\/\/transientimpuls.com\/","logo":{"@type":"ImageObject","inLanguage":"en-US","@id":"https:\/\/transientimpuls.com\/#\/schema\/logo\/image\/","url":"https:\/\/transientimpuls.com\/wp-content\/uploads\/2022\/07\/transient_labor-academy-2022.svg","contentUrl":"https:\/\/transientimpuls.com\/wp-content\/uploads\/2022\/07\/transient_labor-academy-2022.svg","width":1428,"height":388,"caption":"TRANSIENT Labor und Academy 2022"},"image":{"@id":"https:\/\/transientimpuls.com\/#\/schema\/logo\/image\/"},"sameAs":["https:\/\/www.facebook.com\/TransientImpuls"]}]}},"_links":{"self":[{"href":"https:\/\/transientimpuls.com\/en\/wp-json\/wp\/v2\/bibliothek\/3018","targetHints":{"allow":["GET"]}}],"collection":[{"href":"https:\/\/transientimpuls.com\/en\/wp-json\/wp\/v2\/bibliothek"}],"about":[{"href":"https:\/\/transientimpuls.com\/en\/wp-json\/wp\/v2\/types\/bibliothek"}],"author":[{"embeddable":true,"href":"https:\/\/transientimpuls.com\/en\/wp-json\/wp\/v2\/users\/5"}],"version-history":[{"count":0,"href":"https:\/\/transientimpuls.com\/en\/wp-json\/wp\/v2\/bibliothek\/3018\/revisions"}],"wp:featuredmedia":[{"embeddable":true,"href":"https:\/\/transientimpuls.com\/en\/wp-json\/wp\/v2\/media\/3020"}],"wp:attachment":[{"href":"https:\/\/transientimpuls.com\/en\/wp-json\/wp\/v2\/media?parent=3018"}],"wp:term":[{"taxonomy":"category","embeddable":true,"href":"https:\/\/transientimpuls.com\/en\/wp-json\/wp\/v2\/categories?post=3018"},{"taxonomy":"post_tag","embeddable":true,"href":"https:\/\/transientimpuls.com\/en\/wp-json\/wp\/v2\/tags?post=3018"},{"taxonomy":"festivaljahr","embeddable":true,"href":"https:\/\/transientimpuls.com\/en\/wp-json\/wp\/v2\/festivaljahr?post=3018"}],"curies":[{"name":"wp","href":"https:\/\/api.w.org\/{rel}","templated":true}]}}