{"id":3958,"date":"2022-02-15T15:09:18","date_gmt":"2022-02-15T14:09:18","guid":{"rendered":"https:\/\/transientimpuls.com\/?post_type=bibliothek&#038;p=3958"},"modified":"2022-02-15T21:04:33","modified_gmt":"2022-02-15T20:04:33","slug":"gespraech-mit-vincent-stange","status":"publish","type":"bibliothek","link":"https:\/\/transientimpuls.com\/en\/bibliothek\/gespraech-mit-vincent-stange\/","title":{"rendered":"Gespr\u00e4ch mit Vincent Stange"},"content":{"rendered":"\n<p><strong>Warum hast Du die Einladung des TRANSIENT Impulsfestivals angenommen?&nbsp;<\/strong><\/p>\n\n\n\n<p>Als transmedialer Komponist interessiert mich die st\u00e4ndige Suche nach neuen Verbindungen zwischen unterschiedlichen Materialien, Formaten und K\u00fcnsten. Das TRANSIENT Impulsfestival arbeitet mit unterschiedlichen k\u00fcnstlerischen Disziplinen an verschiedenen Orten. Das begeisterte mich und f\u00fchrte zu einem intensiven Austausch w\u00e4hrend der drei Festivalwochen, aber auch weit dar\u00fcber hinaus. Ich m\u00f6chte mich f\u00fcr die Einladung bedanken, denn durch die Zusammenarbeit hat sich meine k\u00fcnstlerische Arbeit gesch\u00e4rft.<\/p>\n\n\n\n<p><br><strong>Wie hat sich Deine Idee \u00fcber die verschiedenen Projektzeitr\u00e4ume\/ an den Orten ver\u00e4ndert und entwickelt?&nbsp;<\/strong><\/p>\n\n\n\n<p>Meine Komposition \u201eHear here landscapes\u201c hat sich st\u00e4ndig weiterentwickelt. Alle Orte (Bad M\u00fcnstereifel, Nettersheim, Kronenburg) habe ich klangliche einbezogen.<\/p>\n\n\n\n<p>Ich arbeite und lebe in K\u00f6ln und D\u00fcsseldorf, sodass ich die Festivalorte in der Eifel im Vorhinein besichtigen und eine Ortsrecherche machen konnte. Dabei habe ich Audiomaterial gesammelt. Dieses Material bearbeitete ich f\u00fcr die live performte Komposition. Die Weiterentwicklung durch Einbeziehung des neuen Materials an den unterschiedlichen Orten war dabei ein gro\u00dfer Teil meiner Arbeit.&nbsp;<\/p>\n\n\n\n<p>Gut einen Monat nach der Unwetter-Katastrophe 2021, die auch Bad M\u00fcnstereifel stark betroffen hatte, waren wir mit dem Festival in Kronenburg zu Gast. Kurz vor der ersten Vorstellung in Kronenburg besuchte ich Bad M\u00fcnstereifel, um mein, damals dort aufgenommenes, Material zu aktualisieren. Der Sound hatte sich stark ver\u00e4ndert. Auffallend waren die Trocknungsgebl\u00e4se in vielen Geb\u00e4uden. Der Ort schwieg am Abend meines Besuchs, die Maschinen rauschten. Die Komposition hat sich am Ende dahin entwickelt, wie ich es im Vorhinein nicht absch\u00e4tzten konnte.&nbsp;<\/p>\n\n\n\n<p>Das TRANSIENT Impulsfestival hat mir gezeigt, dass die Idee einer transformativen Komposition auch die wechselseitige Beeinflussung durch die anderen anwesenden Akteur*innen beinhaltet. So war f\u00fcr mich auch der&nbsp; improvisatorische Moment w\u00e4hrend der Vorstellungen mit dem Transient Interdisciplinary Research Ensemble wichtig und zukunftsweisend.&nbsp; <\/p>\n","protected":false},"excerpt":{"rendered":"<p>Warum hast Du die Einladung des TRANSIENT Impulsfestivals angenommen? <\/p>\n<p>Als transmedialer Komponist interessiert mich die st\u00e4ndige Suche nach neuen Verbindungen zwischen unterschiedlichen Materialien, Formaten und K\u00fcnsten. Das TRANSIENT Impulsfestival arbeitet mit unterschiedlichen k\u00fcnstlerischen Disziplinen an verschiedenen Orten. Das begeisterte mich und f\u00fchrte zu einem intensiven Austausch w\u00e4hrend der drei Festivalwochen, aber auch weit dar\u00fcber hinaus. Ich m\u00f6chte mich f\u00fcr die Einladung bedanken, denn durch die Zusammenarbeit hat sich mein k\u00fcnstlerisches Selbstverst\u00e4ndnis gesch\u00e4rft und neue Ideen sind entstanden.<\/p>\n","protected":false},"author":8,"featured_media":3944,"parent":0,"template":"","format":"standard","categories":[],"tags":[],"festivaljahr":[],"class_list":["post-3958","bibliothek","type-bibliothek","status-publish","format-standard","has-post-thumbnail","hentry"],"acf":[],"yoast_head":"<!-- This site is optimized with the Yoast SEO plugin v22.2 - https:\/\/yoast.com\/wordpress\/plugins\/seo\/ -->\n<title>Gespr\u00e4ch mit Vincent Stange &#8226; TRANSIENT Labor und Academy 2022<\/title>\n<meta name=\"robots\" content=\"index, follow, max-snippet:-1, max-image-preview:large, max-video-preview:-1\" \/>\n<link rel=\"canonical\" href=\"https:\/\/transientimpuls.com\/bibliothek\/gespraech-mit-vincent-stange\/\" \/>\n<meta property=\"og:locale\" content=\"en_US\" \/>\n<meta property=\"og:type\" content=\"article\" \/>\n<meta property=\"og:title\" content=\"Gespr\u00e4ch mit Vincent Stange &#8226; TRANSIENT Labor und Academy 2022\" \/>\n<meta property=\"og:description\" content=\"Warum hast Du die Einladung des TRANSIENT Impulsfestivals angenommen?  Als transmedialer Komponist interessiert mich die st\u00e4ndige Suche nach neuen Verbindungen zwischen unterschiedlichen Materialien, Formaten und K\u00fcnsten. Das TRANSIENT Impulsfestival arbeitet mit unterschiedlichen k\u00fcnstlerischen Disziplinen an verschiedenen Orten. Das begeisterte mich und f\u00fchrte zu einem intensiven Austausch w\u00e4hrend der drei Festivalwochen, aber auch weit dar\u00fcber hinaus. Ich m\u00f6chte mich f\u00fcr die Einladung bedanken, denn durch die Zusammenarbeit hat sich mein k\u00fcnstlerisches Selbstverst\u00e4ndnis gesch\u00e4rft und neue Ideen sind entstanden.\" \/>\n<meta property=\"og:url\" content=\"https:\/\/transientimpuls.com\/bibliothek\/gespraech-mit-vincent-stange\/\" \/>\n<meta property=\"og:site_name\" content=\"TRANSIENT Labor und Academy 2022\" \/>\n<meta property=\"article:publisher\" content=\"https:\/\/www.facebook.com\/TransientImpuls\" \/>\n<meta property=\"article:modified_time\" content=\"2022-02-15T20:04:33+00:00\" \/>\n<meta property=\"og:image\" content=\"https:\/\/transientimpuls.com\/wp-content\/uploads\/2022\/02\/DSC02203-Large.jpeg\" \/>\n\t<meta property=\"og:image:width\" content=\"1280\" \/>\n\t<meta property=\"og:image:height\" content=\"853\" \/>\n\t<meta property=\"og:image:type\" content=\"image\/jpeg\" \/>\n<meta name=\"twitter:card\" content=\"summary_large_image\" \/>\n<meta name=\"twitter:label1\" content=\"Est. reading time\" \/>\n\t<meta name=\"twitter:data1\" content=\"2 minutes\" \/>\n<script type=\"application\/ld+json\" class=\"yoast-schema-graph\">{\"@context\":\"https:\/\/schema.org\",\"@graph\":[{\"@type\":\"WebPage\",\"@id\":\"https:\/\/transientimpuls.com\/bibliothek\/gespraech-mit-vincent-stange\/\",\"url\":\"https:\/\/transientimpuls.com\/bibliothek\/gespraech-mit-vincent-stange\/\",\"name\":\"Gespr\u00e4ch mit Vincent Stange &#8226; TRANSIENT Labor und Academy 2022\",\"isPartOf\":{\"@id\":\"https:\/\/transientimpuls.com\/#website\"},\"primaryImageOfPage\":{\"@id\":\"https:\/\/transientimpuls.com\/bibliothek\/gespraech-mit-vincent-stange\/#primaryimage\"},\"image\":{\"@id\":\"https:\/\/transientimpuls.com\/bibliothek\/gespraech-mit-vincent-stange\/#primaryimage\"},\"thumbnailUrl\":\"https:\/\/transientimpuls.com\/wp-content\/uploads\/2022\/02\/DSC02203-Large.jpeg\",\"datePublished\":\"2022-02-15T14:09:18+00:00\",\"dateModified\":\"2022-02-15T20:04:33+00:00\",\"breadcrumb\":{\"@id\":\"https:\/\/transientimpuls.com\/bibliothek\/gespraech-mit-vincent-stange\/#breadcrumb\"},\"inLanguage\":\"en-US\",\"potentialAction\":[{\"@type\":\"ReadAction\",\"target\":[\"https:\/\/transientimpuls.com\/bibliothek\/gespraech-mit-vincent-stange\/\"]}]},{\"@type\":\"ImageObject\",\"inLanguage\":\"en-US\",\"@id\":\"https:\/\/transientimpuls.com\/bibliothek\/gespraech-mit-vincent-stange\/#primaryimage\",\"url\":\"https:\/\/transientimpuls.com\/wp-content\/uploads\/2022\/02\/DSC02203-Large.jpeg\",\"contentUrl\":\"https:\/\/transientimpuls.com\/wp-content\/uploads\/2022\/02\/DSC02203-Large.jpeg\",\"width\":1280,\"height\":853},{\"@type\":\"BreadcrumbList\",\"@id\":\"https:\/\/transientimpuls.com\/bibliothek\/gespraech-mit-vincent-stange\/#breadcrumb\",\"itemListElement\":[{\"@type\":\"ListItem\",\"position\":1,\"name\":\"Startseite\",\"item\":\"https:\/\/transientimpuls.com\/en\/home\/\"},{\"@type\":\"ListItem\",\"position\":2,\"name\":\"Bibliothek\",\"item\":\"https:\/\/transientimpuls.com\/bibliothek\/\"},{\"@type\":\"ListItem\",\"position\":3,\"name\":\"Gespr\u00e4ch mit Vincent Stange\"}]},{\"@type\":\"WebSite\",\"@id\":\"https:\/\/transientimpuls.com\/#website\",\"url\":\"https:\/\/transientimpuls.com\/\",\"name\":\"TRANSIENT Kulturprojekte\",\"description\":\"\",\"publisher\":{\"@id\":\"https:\/\/transientimpuls.com\/#organization\"},\"potentialAction\":[{\"@type\":\"SearchAction\",\"target\":{\"@type\":\"EntryPoint\",\"urlTemplate\":\"https:\/\/transientimpuls.com\/?s={search_term_string}\"},\"query-input\":\"required name=search_term_string\"}],\"inLanguage\":\"en-US\"},{\"@type\":\"Organization\",\"@id\":\"https:\/\/transientimpuls.com\/#organization\",\"name\":\"TRANSIENT Labor und Academy 2022\",\"url\":\"https:\/\/transientimpuls.com\/\",\"logo\":{\"@type\":\"ImageObject\",\"inLanguage\":\"en-US\",\"@id\":\"https:\/\/transientimpuls.com\/#\/schema\/logo\/image\/\",\"url\":\"https:\/\/transientimpuls.com\/wp-content\/uploads\/2022\/07\/transient_labor-academy-2022.svg\",\"contentUrl\":\"https:\/\/transientimpuls.com\/wp-content\/uploads\/2022\/07\/transient_labor-academy-2022.svg\",\"width\":1428,\"height\":388,\"caption\":\"TRANSIENT Labor und Academy 2022\"},\"image\":{\"@id\":\"https:\/\/transientimpuls.com\/#\/schema\/logo\/image\/\"},\"sameAs\":[\"https:\/\/www.facebook.com\/TransientImpuls\"]}]}<\/script>\n<!-- \/ Yoast SEO plugin. -->","yoast_head_json":{"title":"Gespr\u00e4ch mit Vincent Stange &#8226; TRANSIENT Labor und Academy 2022","robots":{"index":"index","follow":"follow","max-snippet":"max-snippet:-1","max-image-preview":"max-image-preview:large","max-video-preview":"max-video-preview:-1"},"canonical":"https:\/\/transientimpuls.com\/bibliothek\/gespraech-mit-vincent-stange\/","og_locale":"en_US","og_type":"article","og_title":"Gespr\u00e4ch mit Vincent Stange &#8226; TRANSIENT Labor und Academy 2022","og_description":"Warum hast Du die Einladung des TRANSIENT Impulsfestivals angenommen?  Als transmedialer Komponist interessiert mich die st\u00e4ndige Suche nach neuen Verbindungen zwischen unterschiedlichen Materialien, Formaten und K\u00fcnsten. Das TRANSIENT Impulsfestival arbeitet mit unterschiedlichen k\u00fcnstlerischen Disziplinen an verschiedenen Orten. Das begeisterte mich und f\u00fchrte zu einem intensiven Austausch w\u00e4hrend der drei Festivalwochen, aber auch weit dar\u00fcber hinaus. Ich m\u00f6chte mich f\u00fcr die Einladung bedanken, denn durch die Zusammenarbeit hat sich mein k\u00fcnstlerisches Selbstverst\u00e4ndnis gesch\u00e4rft und neue Ideen sind entstanden.","og_url":"https:\/\/transientimpuls.com\/bibliothek\/gespraech-mit-vincent-stange\/","og_site_name":"TRANSIENT Labor und Academy 2022","article_publisher":"https:\/\/www.facebook.com\/TransientImpuls","article_modified_time":"2022-02-15T20:04:33+00:00","og_image":[{"width":1280,"height":853,"url":"https:\/\/transientimpuls.com\/wp-content\/uploads\/2022\/02\/DSC02203-Large.jpeg","type":"image\/jpeg"}],"twitter_card":"summary_large_image","twitter_misc":{"Est. reading time":"2 minutes"},"schema":{"@context":"https:\/\/schema.org","@graph":[{"@type":"WebPage","@id":"https:\/\/transientimpuls.com\/bibliothek\/gespraech-mit-vincent-stange\/","url":"https:\/\/transientimpuls.com\/bibliothek\/gespraech-mit-vincent-stange\/","name":"Gespr\u00e4ch mit Vincent Stange &#8226; TRANSIENT Labor und Academy 2022","isPartOf":{"@id":"https:\/\/transientimpuls.com\/#website"},"primaryImageOfPage":{"@id":"https:\/\/transientimpuls.com\/bibliothek\/gespraech-mit-vincent-stange\/#primaryimage"},"image":{"@id":"https:\/\/transientimpuls.com\/bibliothek\/gespraech-mit-vincent-stange\/#primaryimage"},"thumbnailUrl":"https:\/\/transientimpuls.com\/wp-content\/uploads\/2022\/02\/DSC02203-Large.jpeg","datePublished":"2022-02-15T14:09:18+00:00","dateModified":"2022-02-15T20:04:33+00:00","breadcrumb":{"@id":"https:\/\/transientimpuls.com\/bibliothek\/gespraech-mit-vincent-stange\/#breadcrumb"},"inLanguage":"en-US","potentialAction":[{"@type":"ReadAction","target":["https:\/\/transientimpuls.com\/bibliothek\/gespraech-mit-vincent-stange\/"]}]},{"@type":"ImageObject","inLanguage":"en-US","@id":"https:\/\/transientimpuls.com\/bibliothek\/gespraech-mit-vincent-stange\/#primaryimage","url":"https:\/\/transientimpuls.com\/wp-content\/uploads\/2022\/02\/DSC02203-Large.jpeg","contentUrl":"https:\/\/transientimpuls.com\/wp-content\/uploads\/2022\/02\/DSC02203-Large.jpeg","width":1280,"height":853},{"@type":"BreadcrumbList","@id":"https:\/\/transientimpuls.com\/bibliothek\/gespraech-mit-vincent-stange\/#breadcrumb","itemListElement":[{"@type":"ListItem","position":1,"name":"Startseite","item":"https:\/\/transientimpuls.com\/en\/home\/"},{"@type":"ListItem","position":2,"name":"Bibliothek","item":"https:\/\/transientimpuls.com\/bibliothek\/"},{"@type":"ListItem","position":3,"name":"Gespr\u00e4ch mit Vincent Stange"}]},{"@type":"WebSite","@id":"https:\/\/transientimpuls.com\/#website","url":"https:\/\/transientimpuls.com\/","name":"TRANSIENT Kulturprojekte","description":"","publisher":{"@id":"https:\/\/transientimpuls.com\/#organization"},"potentialAction":[{"@type":"SearchAction","target":{"@type":"EntryPoint","urlTemplate":"https:\/\/transientimpuls.com\/?s={search_term_string}"},"query-input":"required name=search_term_string"}],"inLanguage":"en-US"},{"@type":"Organization","@id":"https:\/\/transientimpuls.com\/#organization","name":"TRANSIENT Labor und Academy 2022","url":"https:\/\/transientimpuls.com\/","logo":{"@type":"ImageObject","inLanguage":"en-US","@id":"https:\/\/transientimpuls.com\/#\/schema\/logo\/image\/","url":"https:\/\/transientimpuls.com\/wp-content\/uploads\/2022\/07\/transient_labor-academy-2022.svg","contentUrl":"https:\/\/transientimpuls.com\/wp-content\/uploads\/2022\/07\/transient_labor-academy-2022.svg","width":1428,"height":388,"caption":"TRANSIENT Labor und Academy 2022"},"image":{"@id":"https:\/\/transientimpuls.com\/#\/schema\/logo\/image\/"},"sameAs":["https:\/\/www.facebook.com\/TransientImpuls"]}]}},"_links":{"self":[{"href":"https:\/\/transientimpuls.com\/en\/wp-json\/wp\/v2\/bibliothek\/3958","targetHints":{"allow":["GET"]}}],"collection":[{"href":"https:\/\/transientimpuls.com\/en\/wp-json\/wp\/v2\/bibliothek"}],"about":[{"href":"https:\/\/transientimpuls.com\/en\/wp-json\/wp\/v2\/types\/bibliothek"}],"author":[{"embeddable":true,"href":"https:\/\/transientimpuls.com\/en\/wp-json\/wp\/v2\/users\/8"}],"version-history":[{"count":0,"href":"https:\/\/transientimpuls.com\/en\/wp-json\/wp\/v2\/bibliothek\/3958\/revisions"}],"wp:featuredmedia":[{"embeddable":true,"href":"https:\/\/transientimpuls.com\/en\/wp-json\/wp\/v2\/media\/3944"}],"wp:attachment":[{"href":"https:\/\/transientimpuls.com\/en\/wp-json\/wp\/v2\/media?parent=3958"}],"wp:term":[{"taxonomy":"category","embeddable":true,"href":"https:\/\/transientimpuls.com\/en\/wp-json\/wp\/v2\/categories?post=3958"},{"taxonomy":"post_tag","embeddable":true,"href":"https:\/\/transientimpuls.com\/en\/wp-json\/wp\/v2\/tags?post=3958"},{"taxonomy":"festivaljahr","embeddable":true,"href":"https:\/\/transientimpuls.com\/en\/wp-json\/wp\/v2\/festivaljahr?post=3958"}],"curies":[{"name":"wp","href":"https:\/\/api.w.org\/{rel}","templated":true}]}}