{"id":3969,"date":"2022-02-15T16:14:43","date_gmt":"2022-02-15T15:14:43","guid":{"rendered":"https:\/\/transientimpuls.com\/?post_type=bibliothek&#038;p=3969"},"modified":"2022-02-15T16:14:44","modified_gmt":"2022-02-15T15:14:44","slug":"impulse-die-ueber-ein-festival-hinausgehen","status":"publish","type":"bibliothek","link":"https:\/\/transientimpuls.com\/en\/bibliothek\/impulse-die-ueber-ein-festival-hinausgehen\/","title":{"rendered":"Impulse, die \u00fcber ein Festival hinausgehen"},"content":{"rendered":"\n<p>Ein Projekt, das sich \u00fcber ein halbes Jahr erstreckt und der K\u00fcnstlerin die Freiheit, das Vertrauen und die Mittel gew\u00e4hrt, um eigene Ideen umzusetzen, stellt im Alltag einer freischaffenden Musikerin sicherlich eine besondere Ausnahme dar. Drei intensive Projektwochen verbrachte ich im Rahmen des Transient Impulsfestivals 2021 in der Nordeifel und durfte Teil eines wundervollen Kreativteams sein, das sich nicht nur durch seine flexible und offene Arbeitsweise, sondern auch durch seine menschlichen Qualit\u00e4ten auszeichnete. Es ist nicht selbstverst\u00e4ndlich, dass zwischen k\u00fcnstlerischer Leitung, Techniker*innen und Musiker*innen ein solch kollegiales Klima herrscht, in dem sich alle auf Augenh\u00f6he begegnen und unabh\u00e4ngig von Alter, Ausbildung oder bisherigen Erfolgen wertsch\u00e4tzen &#8211; f\u00fcr mich eine ideale Atmosph\u00e4re, um zu experimentieren und ein eigenes Projekt heranreifen zu lassen.<\/p>\n\n\n\n<p>Ausschlaggebend f\u00fcr die Wahl meines eigenen k\u00fcnstlerischen Projektes war die Frage, wie ich trotz Ber\u00fccksichtigung der Corona-Ma\u00dfnahmen eine N\u00e4he zwischen mir und meinen Zuh\u00f6rer*innen in den jeweiligen Eifelorten erzeugen kann, die es erlaubt, zeitgen\u00f6ssische Werke nachhaltig zu vermitteln. Ich habe in der Vergangenheit oft miterlebt, dass viele Musikliebhaber*innen noch immer vor neuer Musik zur\u00fcckschrecken, sie gleichsetzen mit Missklang und Atonalit\u00e4t und als unverst\u00e4ndlich abtun. Auch in der Eifel bin ich auf solche Vorurteile gesto\u00dfen, doch das Interesse und die Neugier an meinem Hauskonzert-Angebot \u00fcberwogen und so fanden sich genug aufgeschlossene Personen, die sich mit mir auf ein musikalisches Experiment einlie\u00dfen und mich zu sich nach Hause einluden.<\/p>\n\n\n\n<p>Meiner Erfahrung nach schafft die vertraute, emotional besetzte Umgebung eines Hauskonzerts eine intime Konzertatmosph\u00e4re, in welcher sich K\u00fcnstlerin und H\u00f6rer*in auf gleicher Ebene begegnen und ein ehrlicher Austausch m\u00f6glich wird. Nie war ein Werk \u201ezu zeitgen\u00f6ssisch\u201c, oftmals brauchte es nur ein paar Worte zu Werk, Hintergrund und eigener Motivation, um das Publikum an ihren pers\u00f6nlichen Standpunkten abzuholen und mit auf eine musikalische Reise zu nehmen. Durch diesen pers\u00f6nlichen Austausch, der sich immer sehr leicht und nat\u00fcrlich gestaltete, wurden die individuellen Konzerte nicht nur f\u00fcr die H\u00f6rer*innen, sondern auch f\u00fcr mich als Musikerin zu einem besonderen Erlebnis.\u00a0<br><\/p>\n\n\n\n<figure class=\"wp-block-image size-full\"><img fetchpriority=\"high\" decoding=\"async\" width=\"1024\" height=\"365\" src=\"https:\/\/transientimpuls.com\/wp-content\/uploads\/2022\/02\/de084959-d671-4cb4-b1f8-568ea7c06400.jpg\" alt=\"\" class=\"wp-image-3972\" srcset=\"https:\/\/transientimpuls.com\/wp-content\/uploads\/2022\/02\/de084959-d671-4cb4-b1f8-568ea7c06400.jpg 1024w, https:\/\/transientimpuls.com\/wp-content\/uploads\/2022\/02\/de084959-d671-4cb4-b1f8-568ea7c06400-300x107.jpg 300w, https:\/\/transientimpuls.com\/wp-content\/uploads\/2022\/02\/de084959-d671-4cb4-b1f8-568ea7c06400-768x274.jpg 768w\" sizes=\"(max-width: 1024px) 100vw, 1024px\" \/><\/figure>\n\n\n\n<p>Durch meine Projekt lernte ich viele Personen kennen, die im Dorfgeschehen eine wichtige Rolle spielen: Die Bibliothekarin, die ortsans\u00e4\u00dfige Cellolehrerin, die Grundschullehrerin, die Leiterin der Schauspielschule und viele mehr. In k\u00fcrzester Zeit wusste ich \u00fcber das Dorf und das Dorf \u00fcber mich Bescheid. Zu meinen sch\u00f6nsten Momente w\u00e4hrend des Festivals z\u00e4hlen jene, an denen ich durch das Dorf gelaufen bin und von Menschen, f\u00fcr die ich gespielt hatte, gegr\u00fc\u00dft wurde. Da ich selbst am Land aufgewachsen bin, wei\u00df ich, wie lange es dauern kann, bis man in eine Dorfgemeinschaft integriert ist und nicht mehr als \u201ezuagroast\u201c (=tirolerisch f\u00fcr zugezogen) gilt. Durch meine Musik konnte ich diesen Prozess, der oft viele Jahre dauern kann, stark beschleunigen und mich schon nach einer Woche heimisch f\u00fchlen. Die Struktur des Transient Impulsfestivals erm\u00f6glichte es mir, meine Kontakte \u00fcber die verschiedenen Projektwochen mitzutragen und bekannte Gesichter an neuen Orten wiederzutreffen. Mit einigen Personen aus der Eifel bin ich auch nach Ende des Festivals noch in regem Kontakt und verschicke Einladungen, wenn ich in der N\u00e4he Konzerte gebe.<\/p>\n\n\n\n<p>Heute &#8211; ein Jahr, viele Hauskonzerte und eine Bachelorarbeit \u00fcber zeitgem\u00e4\u00dfes Konzertdesign sp\u00e4ter &#8211; nenne ich mein k\u00fcnstlerisches Projekt im Rahmen des Transient Impulsfestivals <em>Unter-Uns Begegnungen <\/em>und versuche, diesen Impuls weiterzutragen und weiterzuentwickeln, um eine \u00e4hnliche N\u00e4he und den Kontakt zu meinem Publikum auch in gr\u00f6\u00dferen Konzertsituationen herzustellen. Mir scheint, \u201estillsitzen und and\u00e4chtig zuh\u00f6ren\u201c als Rezeptionsverhalten im klassischen Konzertformat entspricht nicht den W\u00fcnschen und Erwartungen des Publikums im 21. Jahrhundert. Darauf zu reagieren, sehe ich nicht nur also Sache von Veranstalter*innen, Organisator*innen, k\u00fcnstlerischen Leiter*innen etc., sondern als Verantwortung aller Musikmachenden. Deshalb empfinde ich es als meine Aufgabe, weiterhin von meinem Publikum zu lernen und im kommunikativen Miteinander eine diverse und zeitgem\u00e4\u00dfe Konzertlandschaft zu gestalten.<\/p>\n\n\n\n<figure class=\"wp-block-image size-large\"><img decoding=\"async\" width=\"768\" height=\"1024\" src=\"https:\/\/transientimpuls.com\/wp-content\/uploads\/2022\/02\/a14f50d4-dfc2-4467-ac78-5a555d2a0a89-768x1024.jpg\" alt=\"\" class=\"wp-image-3985\" srcset=\"https:\/\/transientimpuls.com\/wp-content\/uploads\/2022\/02\/a14f50d4-dfc2-4467-ac78-5a555d2a0a89-768x1024.jpg 768w, https:\/\/transientimpuls.com\/wp-content\/uploads\/2022\/02\/a14f50d4-dfc2-4467-ac78-5a555d2a0a89-225x300.jpg 225w, https:\/\/transientimpuls.com\/wp-content\/uploads\/2022\/02\/a14f50d4-dfc2-4467-ac78-5a555d2a0a89-1152x1536.jpg 1152w, https:\/\/transientimpuls.com\/wp-content\/uploads\/2022\/02\/a14f50d4-dfc2-4467-ac78-5a555d2a0a89.jpg 1200w\" sizes=\"(max-width: 768px) 100vw, 768px\" \/><\/figure>\n","protected":false},"excerpt":{"rendered":"<p>Ein Projekt, das sich \u00fcber ein halbes Jahr erstreckt und der K\u00fcnstlerin die Freiheit, das Vertrauen und die Mittel gew\u00e4hrt, um eigene Ideen umzusetzen, stellt im Alltag einer freischaffenden Musikerin sicherlich eine besondere Ausnahme dar. Drei intensive Projektwochen verbrachte ich im Rahmen des Transient Impulsfestivals 2021 in der Nordeifel und durfte Teil eines wundervollen Kreativteams [&hellip;]<\/p>\n","protected":false},"author":3,"featured_media":3981,"parent":0,"template":"","format":"standard","categories":[],"tags":[],"festivaljahr":[],"class_list":["post-3969","bibliothek","type-bibliothek","status-publish","format-standard","has-post-thumbnail","hentry"],"acf":[],"yoast_head":"<!-- This site is optimized with the Yoast SEO plugin v22.2 - https:\/\/yoast.com\/wordpress\/plugins\/seo\/ -->\n<title>Impulse, die \u00fcber ein Festival hinausgehen &#8226; TRANSIENT Labor und Academy 2022<\/title>\n<meta name=\"robots\" content=\"index, follow, max-snippet:-1, max-image-preview:large, max-video-preview:-1\" \/>\n<link rel=\"canonical\" href=\"https:\/\/transientimpuls.com\/bibliothek\/impulse-die-ueber-ein-festival-hinausgehen\/\" \/>\n<meta property=\"og:locale\" content=\"en_US\" \/>\n<meta property=\"og:type\" content=\"article\" \/>\n<meta property=\"og:title\" content=\"Impulse, die \u00fcber ein Festival hinausgehen &#8226; TRANSIENT Labor und Academy 2022\" \/>\n<meta property=\"og:description\" content=\"Ein Projekt, das sich \u00fcber ein halbes Jahr erstreckt und der K\u00fcnstlerin die Freiheit, das Vertrauen und die Mittel gew\u00e4hrt, um eigene Ideen umzusetzen, stellt im Alltag einer freischaffenden Musikerin sicherlich eine besondere Ausnahme dar. Drei intensive Projektwochen verbrachte ich im Rahmen des Transient Impulsfestivals 2021 in der Nordeifel und durfte Teil eines wundervollen Kreativteams [&hellip;]\" \/>\n<meta property=\"og:url\" content=\"https:\/\/transientimpuls.com\/bibliothek\/impulse-die-ueber-ein-festival-hinausgehen\/\" \/>\n<meta property=\"og:site_name\" content=\"TRANSIENT Labor und Academy 2022\" \/>\n<meta property=\"article:publisher\" content=\"https:\/\/www.facebook.com\/TransientImpuls\" \/>\n<meta property=\"article:modified_time\" content=\"2022-02-15T15:14:44+00:00\" \/>\n<meta property=\"og:image\" content=\"https:\/\/transientimpuls.com\/wp-content\/uploads\/2022\/02\/3.jpeg\" \/>\n\t<meta property=\"og:image:width\" content=\"1280\" \/>\n\t<meta property=\"og:image:height\" content=\"960\" \/>\n\t<meta property=\"og:image:type\" content=\"image\/jpeg\" \/>\n<meta name=\"twitter:card\" content=\"summary_large_image\" \/>\n<meta name=\"twitter:label1\" content=\"Est. reading time\" \/>\n\t<meta name=\"twitter:data1\" content=\"3 minutes\" \/>\n<script type=\"application\/ld+json\" class=\"yoast-schema-graph\">{\"@context\":\"https:\/\/schema.org\",\"@graph\":[{\"@type\":\"WebPage\",\"@id\":\"https:\/\/transientimpuls.com\/bibliothek\/impulse-die-ueber-ein-festival-hinausgehen\/\",\"url\":\"https:\/\/transientimpuls.com\/bibliothek\/impulse-die-ueber-ein-festival-hinausgehen\/\",\"name\":\"Impulse, die \u00fcber ein Festival hinausgehen &#8226; TRANSIENT Labor und Academy 2022\",\"isPartOf\":{\"@id\":\"https:\/\/transientimpuls.com\/#website\"},\"primaryImageOfPage\":{\"@id\":\"https:\/\/transientimpuls.com\/bibliothek\/impulse-die-ueber-ein-festival-hinausgehen\/#primaryimage\"},\"image\":{\"@id\":\"https:\/\/transientimpuls.com\/bibliothek\/impulse-die-ueber-ein-festival-hinausgehen\/#primaryimage\"},\"thumbnailUrl\":\"https:\/\/transientimpuls.com\/wp-content\/uploads\/2022\/02\/3.jpeg\",\"datePublished\":\"2022-02-15T15:14:43+00:00\",\"dateModified\":\"2022-02-15T15:14:44+00:00\",\"breadcrumb\":{\"@id\":\"https:\/\/transientimpuls.com\/bibliothek\/impulse-die-ueber-ein-festival-hinausgehen\/#breadcrumb\"},\"inLanguage\":\"en-US\",\"potentialAction\":[{\"@type\":\"ReadAction\",\"target\":[\"https:\/\/transientimpuls.com\/bibliothek\/impulse-die-ueber-ein-festival-hinausgehen\/\"]}]},{\"@type\":\"ImageObject\",\"inLanguage\":\"en-US\",\"@id\":\"https:\/\/transientimpuls.com\/bibliothek\/impulse-die-ueber-ein-festival-hinausgehen\/#primaryimage\",\"url\":\"https:\/\/transientimpuls.com\/wp-content\/uploads\/2022\/02\/3.jpeg\",\"contentUrl\":\"https:\/\/transientimpuls.com\/wp-content\/uploads\/2022\/02\/3.jpeg\",\"width\":1280,\"height\":960},{\"@type\":\"BreadcrumbList\",\"@id\":\"https:\/\/transientimpuls.com\/bibliothek\/impulse-die-ueber-ein-festival-hinausgehen\/#breadcrumb\",\"itemListElement\":[{\"@type\":\"ListItem\",\"position\":1,\"name\":\"Startseite\",\"item\":\"https:\/\/transientimpuls.com\/en\/home\/\"},{\"@type\":\"ListItem\",\"position\":2,\"name\":\"Bibliothek\",\"item\":\"https:\/\/transientimpuls.com\/bibliothek\/\"},{\"@type\":\"ListItem\",\"position\":3,\"name\":\"Impulse, die \u00fcber ein Festival hinausgehen\"}]},{\"@type\":\"WebSite\",\"@id\":\"https:\/\/transientimpuls.com\/#website\",\"url\":\"https:\/\/transientimpuls.com\/\",\"name\":\"TRANSIENT Kulturprojekte\",\"description\":\"\",\"publisher\":{\"@id\":\"https:\/\/transientimpuls.com\/#organization\"},\"potentialAction\":[{\"@type\":\"SearchAction\",\"target\":{\"@type\":\"EntryPoint\",\"urlTemplate\":\"https:\/\/transientimpuls.com\/?s={search_term_string}\"},\"query-input\":\"required name=search_term_string\"}],\"inLanguage\":\"en-US\"},{\"@type\":\"Organization\",\"@id\":\"https:\/\/transientimpuls.com\/#organization\",\"name\":\"TRANSIENT Labor und Academy 2022\",\"url\":\"https:\/\/transientimpuls.com\/\",\"logo\":{\"@type\":\"ImageObject\",\"inLanguage\":\"en-US\",\"@id\":\"https:\/\/transientimpuls.com\/#\/schema\/logo\/image\/\",\"url\":\"https:\/\/transientimpuls.com\/wp-content\/uploads\/2022\/07\/transient_labor-academy-2022.svg\",\"contentUrl\":\"https:\/\/transientimpuls.com\/wp-content\/uploads\/2022\/07\/transient_labor-academy-2022.svg\",\"width\":1428,\"height\":388,\"caption\":\"TRANSIENT Labor und Academy 2022\"},\"image\":{\"@id\":\"https:\/\/transientimpuls.com\/#\/schema\/logo\/image\/\"},\"sameAs\":[\"https:\/\/www.facebook.com\/TransientImpuls\"]}]}<\/script>\n<!-- \/ Yoast SEO plugin. -->","yoast_head_json":{"title":"Impulse, die \u00fcber ein Festival hinausgehen &#8226; TRANSIENT Labor und Academy 2022","robots":{"index":"index","follow":"follow","max-snippet":"max-snippet:-1","max-image-preview":"max-image-preview:large","max-video-preview":"max-video-preview:-1"},"canonical":"https:\/\/transientimpuls.com\/bibliothek\/impulse-die-ueber-ein-festival-hinausgehen\/","og_locale":"en_US","og_type":"article","og_title":"Impulse, die \u00fcber ein Festival hinausgehen &#8226; TRANSIENT Labor und Academy 2022","og_description":"Ein Projekt, das sich \u00fcber ein halbes Jahr erstreckt und der K\u00fcnstlerin die Freiheit, das Vertrauen und die Mittel gew\u00e4hrt, um eigene Ideen umzusetzen, stellt im Alltag einer freischaffenden Musikerin sicherlich eine besondere Ausnahme dar. Drei intensive Projektwochen verbrachte ich im Rahmen des Transient Impulsfestivals 2021 in der Nordeifel und durfte Teil eines wundervollen Kreativteams [&hellip;]","og_url":"https:\/\/transientimpuls.com\/bibliothek\/impulse-die-ueber-ein-festival-hinausgehen\/","og_site_name":"TRANSIENT Labor und Academy 2022","article_publisher":"https:\/\/www.facebook.com\/TransientImpuls","article_modified_time":"2022-02-15T15:14:44+00:00","og_image":[{"width":1280,"height":960,"url":"https:\/\/transientimpuls.com\/wp-content\/uploads\/2022\/02\/3.jpeg","type":"image\/jpeg"}],"twitter_card":"summary_large_image","twitter_misc":{"Est. reading time":"3 minutes"},"schema":{"@context":"https:\/\/schema.org","@graph":[{"@type":"WebPage","@id":"https:\/\/transientimpuls.com\/bibliothek\/impulse-die-ueber-ein-festival-hinausgehen\/","url":"https:\/\/transientimpuls.com\/bibliothek\/impulse-die-ueber-ein-festival-hinausgehen\/","name":"Impulse, die \u00fcber ein Festival hinausgehen &#8226; TRANSIENT Labor und Academy 2022","isPartOf":{"@id":"https:\/\/transientimpuls.com\/#website"},"primaryImageOfPage":{"@id":"https:\/\/transientimpuls.com\/bibliothek\/impulse-die-ueber-ein-festival-hinausgehen\/#primaryimage"},"image":{"@id":"https:\/\/transientimpuls.com\/bibliothek\/impulse-die-ueber-ein-festival-hinausgehen\/#primaryimage"},"thumbnailUrl":"https:\/\/transientimpuls.com\/wp-content\/uploads\/2022\/02\/3.jpeg","datePublished":"2022-02-15T15:14:43+00:00","dateModified":"2022-02-15T15:14:44+00:00","breadcrumb":{"@id":"https:\/\/transientimpuls.com\/bibliothek\/impulse-die-ueber-ein-festival-hinausgehen\/#breadcrumb"},"inLanguage":"en-US","potentialAction":[{"@type":"ReadAction","target":["https:\/\/transientimpuls.com\/bibliothek\/impulse-die-ueber-ein-festival-hinausgehen\/"]}]},{"@type":"ImageObject","inLanguage":"en-US","@id":"https:\/\/transientimpuls.com\/bibliothek\/impulse-die-ueber-ein-festival-hinausgehen\/#primaryimage","url":"https:\/\/transientimpuls.com\/wp-content\/uploads\/2022\/02\/3.jpeg","contentUrl":"https:\/\/transientimpuls.com\/wp-content\/uploads\/2022\/02\/3.jpeg","width":1280,"height":960},{"@type":"BreadcrumbList","@id":"https:\/\/transientimpuls.com\/bibliothek\/impulse-die-ueber-ein-festival-hinausgehen\/#breadcrumb","itemListElement":[{"@type":"ListItem","position":1,"name":"Startseite","item":"https:\/\/transientimpuls.com\/en\/home\/"},{"@type":"ListItem","position":2,"name":"Bibliothek","item":"https:\/\/transientimpuls.com\/bibliothek\/"},{"@type":"ListItem","position":3,"name":"Impulse, die \u00fcber ein Festival hinausgehen"}]},{"@type":"WebSite","@id":"https:\/\/transientimpuls.com\/#website","url":"https:\/\/transientimpuls.com\/","name":"TRANSIENT Kulturprojekte","description":"","publisher":{"@id":"https:\/\/transientimpuls.com\/#organization"},"potentialAction":[{"@type":"SearchAction","target":{"@type":"EntryPoint","urlTemplate":"https:\/\/transientimpuls.com\/?s={search_term_string}"},"query-input":"required name=search_term_string"}],"inLanguage":"en-US"},{"@type":"Organization","@id":"https:\/\/transientimpuls.com\/#organization","name":"TRANSIENT Labor und Academy 2022","url":"https:\/\/transientimpuls.com\/","logo":{"@type":"ImageObject","inLanguage":"en-US","@id":"https:\/\/transientimpuls.com\/#\/schema\/logo\/image\/","url":"https:\/\/transientimpuls.com\/wp-content\/uploads\/2022\/07\/transient_labor-academy-2022.svg","contentUrl":"https:\/\/transientimpuls.com\/wp-content\/uploads\/2022\/07\/transient_labor-academy-2022.svg","width":1428,"height":388,"caption":"TRANSIENT Labor und Academy 2022"},"image":{"@id":"https:\/\/transientimpuls.com\/#\/schema\/logo\/image\/"},"sameAs":["https:\/\/www.facebook.com\/TransientImpuls"]}]}},"_links":{"self":[{"href":"https:\/\/transientimpuls.com\/en\/wp-json\/wp\/v2\/bibliothek\/3969","targetHints":{"allow":["GET"]}}],"collection":[{"href":"https:\/\/transientimpuls.com\/en\/wp-json\/wp\/v2\/bibliothek"}],"about":[{"href":"https:\/\/transientimpuls.com\/en\/wp-json\/wp\/v2\/types\/bibliothek"}],"author":[{"embeddable":true,"href":"https:\/\/transientimpuls.com\/en\/wp-json\/wp\/v2\/users\/3"}],"version-history":[{"count":0,"href":"https:\/\/transientimpuls.com\/en\/wp-json\/wp\/v2\/bibliothek\/3969\/revisions"}],"wp:featuredmedia":[{"embeddable":true,"href":"https:\/\/transientimpuls.com\/en\/wp-json\/wp\/v2\/media\/3981"}],"wp:attachment":[{"href":"https:\/\/transientimpuls.com\/en\/wp-json\/wp\/v2\/media?parent=3969"}],"wp:term":[{"taxonomy":"category","embeddable":true,"href":"https:\/\/transientimpuls.com\/en\/wp-json\/wp\/v2\/categories?post=3969"},{"taxonomy":"post_tag","embeddable":true,"href":"https:\/\/transientimpuls.com\/en\/wp-json\/wp\/v2\/tags?post=3969"},{"taxonomy":"festivaljahr","embeddable":true,"href":"https:\/\/transientimpuls.com\/en\/wp-json\/wp\/v2\/festivaljahr?post=3969"}],"curies":[{"name":"wp","href":"https:\/\/api.w.org\/{rel}","templated":true}]}}