{"id":6796,"date":"2023-10-19T08:49:06","date_gmt":"2023-10-19T06:49:06","guid":{"rendered":"https:\/\/transientimpuls.com\/?post_type=bibliothek&#038;p=6796"},"modified":"2023-12-23T18:28:28","modified_gmt":"2023-12-23T17:28:28","slug":"zwiegespraeche-1-denk-ich-an-die-eifel","status":"publish","type":"bibliothek","link":"https:\/\/transientimpuls.com\/en\/bibliothek\/zwiegespraeche-1-denk-ich-an-die-eifel\/","title":{"rendered":"Zwiegespr\u00e4che 1: Denk ich an die Eifel\u2026"},"content":{"rendered":"\n<p>\u2026 Denk ich an die Eifel, denke ich an Stille. Ich h\u00f6re, ich sehe, ich f\u00fchle sie f\u00f6rmlich und ab und an kam ich mir dort mit meiner Bassposaune fast wie ein St\u00f6renfried vor, zu laut f\u00fcr die sonst eher zarten Kl\u00e4nge der Natur. Umso passender, dass meine Aufgabe war &#8211; zumindest bei Transient OUTDOOR &#8211; musikalisch mit der Landschaft zu verschmelzen und improvisatorisch mit ihr in Kontakt zu treten. Ein Konzept, das ganz nach meinem Geschmack war und mich h\u00f6chst inspirierte.<\/p>\n\n\n<div class=\"wp-block-image\">\n<figure class=\"aligncenter size-large is-resized\"><img fetchpriority=\"high\" decoding=\"async\" width=\"683\" height=\"1024\" src=\"https:\/\/transientimpuls.com\/wp-content\/uploads\/2023\/10\/Maxine-nachdenklich-2-683x1024.jpg\" alt=\"\" class=\"wp-image-6797\" style=\"width:500px\" srcset=\"https:\/\/transientimpuls.com\/wp-content\/uploads\/2023\/10\/Maxine-nachdenklich-2-683x1024.jpg 683w, https:\/\/transientimpuls.com\/wp-content\/uploads\/2023\/10\/Maxine-nachdenklich-2-200x300.jpg 200w, https:\/\/transientimpuls.com\/wp-content\/uploads\/2023\/10\/Maxine-nachdenklich-2-768x1152.jpg 768w, https:\/\/transientimpuls.com\/wp-content\/uploads\/2023\/10\/Maxine-nachdenklich-2-1024x1536.jpg 1024w, https:\/\/transientimpuls.com\/wp-content\/uploads\/2023\/10\/Maxine-nachdenklich-2.jpg 1067w\" sizes=\"(max-width: 683px) 100vw, 683px\" \/><\/figure>\n<\/div>\n\n\n<p>\u2026 Denk ich an die Eifel, denke ich au\u00dferdem an Zeit und Raum, die gegeben waren und wurden, um tief in eine k\u00fcnstlerische Idee einzutauchen, die Installationen und Musik im wahrsten Sinne des Wortes miteinander verwoben &#8211; bei Transient INDOOR schwebte &nbsp;Chiharu Shiota\u2019s gekn\u00fcpftes Werk wie ein fragiles Dach \u00fcber uns, w\u00e4hrend wir unter anderem Samir Odeh-Tamimi\u2019s schaurig-eindr\u00fcckliches \u201eChallumot\u201c spielten. Das Ganze zusammen gef\u00fcgt in der ehemaligen \u201eHermann-G\u00f6ring-Meisterschule\u201c in Kronenburg, einstige Ausbildungsst\u00e4tte f\u00fcr angehende Maler im Dritten Reich und heute \u201eHaus f\u00fcr Lehrerfortbildungen\u201c.&nbsp;<\/p>\n\n\n\n<p>Einen aufgeladeneren Ort w\u00e4re kaum zu finden und ausgerechnet darum, war es wichtig und inspirierend f\u00fcr mich, Teil dieses Projekts zu sein und zu erleben und dazu beizutragen, dass Kunst und Kultur auch an Orten weitergetragen wird, die einst ein Kulturverst\u00e4ndnis propagiert haben, das auf Ausgrenzung, Hass, Antisemitismus und der Vorstellung einer \u201efalschen\u201c und \u201erichtigen\u201c Kunst beruhte.&nbsp;<\/p>\n\n\n<div class=\"wp-block-image\">\n<figure class=\"aligncenter size-large is-resized\"><img decoding=\"async\" width=\"684\" height=\"1024\" src=\"https:\/\/transientimpuls.com\/wp-content\/uploads\/2023\/10\/Maxine-nachdenklich-\u00a9GaiaMarturano-684x1024.jpg\" alt=\"\" class=\"wp-image-6798\" style=\"width:500px\" srcset=\"https:\/\/transientimpuls.com\/wp-content\/uploads\/2023\/10\/Maxine-nachdenklich-\u00a9GaiaMarturano-684x1024.jpg 684w, https:\/\/transientimpuls.com\/wp-content\/uploads\/2023\/10\/Maxine-nachdenklich-\u00a9GaiaMarturano-200x300.jpg 200w, https:\/\/transientimpuls.com\/wp-content\/uploads\/2023\/10\/Maxine-nachdenklich-\u00a9GaiaMarturano-768x1151.jpg 768w, https:\/\/transientimpuls.com\/wp-content\/uploads\/2023\/10\/Maxine-nachdenklich-\u00a9GaiaMarturano-1025x1536.jpg 1025w, https:\/\/transientimpuls.com\/wp-content\/uploads\/2023\/10\/Maxine-nachdenklich-\u00a9GaiaMarturano.jpg 1068w\" sizes=\"(max-width: 684px) 100vw, 684px\" \/><figcaption class=\"wp-element-caption\">Foto \u00a9 Gaia Marturano<\/figcaption><\/figure>\n<\/div>\n\n\n<p>\u2026 Denk ich an die Eifel, denke ich an meine insgesamt 2 Wochen als Junior Fellow 2023 des Transient Festivals, denke ich an eindr\u00fcckliche Musik und inspirierende Gespr\u00e4che, an engen Kontakt zum lokalen Publikum, an Zeit in der Natur, an \u201eechtes\u201c Zuh\u00f6ren, an neue Freunde finden, an Workshops mit lokalen Jugendlichen, eine Urauff\u00fchrung mit lokalen Musikerinnen und Musikern und insgesamt von Vielem \u00fcberrascht und begeistert zu werden.&nbsp;<\/p>\n","protected":false},"excerpt":{"rendered":"<p>\u2026 Denk ich an die Eifel, denke ich an Stille. Ich h\u00f6re, ich sehe, ich f\u00fchle sie f\u00f6rmlich und ab und an kam ich mir dort mit meiner Bassposaune fast wie ein St\u00f6renfried vor, zu laut f\u00fcr die sonst eher zarten Kl\u00e4nge der Natur. Umso passender, dass meine Aufgabe war &#8211; zumindest bei Transient OUTDOOR [&hellip;]<\/p>\n","protected":false},"author":11,"featured_media":6829,"parent":0,"template":"","format":"standard","categories":[],"tags":[],"festivaljahr":[109],"class_list":["post-6796","bibliothek","type-bibliothek","status-publish","format-standard","has-post-thumbnail","hentry","festivaljahr-109"],"acf":[],"yoast_head":"<!-- This site is optimized with the Yoast SEO plugin v22.2 - https:\/\/yoast.com\/wordpress\/plugins\/seo\/ -->\n<title>Zwiegespr\u00e4che 1: Denk ich an die Eifel\u2026 &#8226; TRANSIENT Labor und Academy 2022<\/title>\n<meta name=\"robots\" content=\"index, follow, max-snippet:-1, max-image-preview:large, max-video-preview:-1\" \/>\n<link rel=\"canonical\" href=\"https:\/\/transientimpuls.com\/bibliothek\/zwiegespraeche-1-denk-ich-an-die-eifel\/\" \/>\n<meta property=\"og:locale\" content=\"en_US\" \/>\n<meta property=\"og:type\" content=\"article\" \/>\n<meta property=\"og:title\" content=\"Zwiegespr\u00e4che 1: Denk ich an die Eifel\u2026 &#8226; TRANSIENT Labor und Academy 2022\" \/>\n<meta property=\"og:description\" content=\"\u2026 Denk ich an die Eifel, denke ich an Stille. Ich h\u00f6re, ich sehe, ich f\u00fchle sie f\u00f6rmlich und ab und an kam ich mir dort mit meiner Bassposaune fast wie ein St\u00f6renfried vor, zu laut f\u00fcr die sonst eher zarten Kl\u00e4nge der Natur. Umso passender, dass meine Aufgabe war &#8211; zumindest bei Transient OUTDOOR [&hellip;]\" \/>\n<meta property=\"og:url\" content=\"https:\/\/transientimpuls.com\/bibliothek\/zwiegespraeche-1-denk-ich-an-die-eifel\/\" \/>\n<meta property=\"og:site_name\" content=\"TRANSIENT Labor und Academy 2022\" \/>\n<meta property=\"article:publisher\" content=\"https:\/\/www.facebook.com\/TransientImpuls\" \/>\n<meta property=\"article:modified_time\" content=\"2023-12-23T17:28:28+00:00\" \/>\n<meta property=\"og:image\" content=\"https:\/\/transientimpuls.com\/wp-content\/uploads\/2023\/10\/Maxine-nachdenklich-\u00a9GaiaMarturano-1.jpg\" \/>\n\t<meta property=\"og:image:width\" content=\"1068\" \/>\n\t<meta property=\"og:image:height\" content=\"601\" \/>\n\t<meta property=\"og:image:type\" content=\"image\/jpeg\" \/>\n<meta name=\"twitter:card\" content=\"summary_large_image\" \/>\n<meta name=\"twitter:label1\" content=\"Est. reading time\" \/>\n\t<meta name=\"twitter:data1\" content=\"2 minutes\" \/>\n<script type=\"application\/ld+json\" class=\"yoast-schema-graph\">{\"@context\":\"https:\/\/schema.org\",\"@graph\":[{\"@type\":\"WebPage\",\"@id\":\"https:\/\/transientimpuls.com\/bibliothek\/zwiegespraeche-1-denk-ich-an-die-eifel\/\",\"url\":\"https:\/\/transientimpuls.com\/bibliothek\/zwiegespraeche-1-denk-ich-an-die-eifel\/\",\"name\":\"Zwiegespr\u00e4che 1: Denk ich an die Eifel\u2026 &#8226; TRANSIENT Labor und Academy 2022\",\"isPartOf\":{\"@id\":\"https:\/\/transientimpuls.com\/#website\"},\"primaryImageOfPage\":{\"@id\":\"https:\/\/transientimpuls.com\/bibliothek\/zwiegespraeche-1-denk-ich-an-die-eifel\/#primaryimage\"},\"image\":{\"@id\":\"https:\/\/transientimpuls.com\/bibliothek\/zwiegespraeche-1-denk-ich-an-die-eifel\/#primaryimage\"},\"thumbnailUrl\":\"https:\/\/transientimpuls.com\/wp-content\/uploads\/2023\/10\/Maxine-nachdenklich-\u00a9GaiaMarturano-1.jpg\",\"datePublished\":\"2023-10-19T06:49:06+00:00\",\"dateModified\":\"2023-12-23T17:28:28+00:00\",\"breadcrumb\":{\"@id\":\"https:\/\/transientimpuls.com\/bibliothek\/zwiegespraeche-1-denk-ich-an-die-eifel\/#breadcrumb\"},\"inLanguage\":\"en-US\",\"potentialAction\":[{\"@type\":\"ReadAction\",\"target\":[\"https:\/\/transientimpuls.com\/bibliothek\/zwiegespraeche-1-denk-ich-an-die-eifel\/\"]}]},{\"@type\":\"ImageObject\",\"inLanguage\":\"en-US\",\"@id\":\"https:\/\/transientimpuls.com\/bibliothek\/zwiegespraeche-1-denk-ich-an-die-eifel\/#primaryimage\",\"url\":\"https:\/\/transientimpuls.com\/wp-content\/uploads\/2023\/10\/Maxine-nachdenklich-\u00a9GaiaMarturano-1.jpg\",\"contentUrl\":\"https:\/\/transientimpuls.com\/wp-content\/uploads\/2023\/10\/Maxine-nachdenklich-\u00a9GaiaMarturano-1.jpg\",\"width\":1068,\"height\":601,\"caption\":\"Foto \u00a9 Gaia Marturano\"},{\"@type\":\"BreadcrumbList\",\"@id\":\"https:\/\/transientimpuls.com\/bibliothek\/zwiegespraeche-1-denk-ich-an-die-eifel\/#breadcrumb\",\"itemListElement\":[{\"@type\":\"ListItem\",\"position\":1,\"name\":\"Startseite\",\"item\":\"https:\/\/transientimpuls.com\/en\/home\/\"},{\"@type\":\"ListItem\",\"position\":2,\"name\":\"Bibliothek\",\"item\":\"https:\/\/transientimpuls.com\/bibliothek\/\"},{\"@type\":\"ListItem\",\"position\":3,\"name\":\"Zwiegespr\u00e4che 1: Denk ich an die Eifel\u2026\"}]},{\"@type\":\"WebSite\",\"@id\":\"https:\/\/transientimpuls.com\/#website\",\"url\":\"https:\/\/transientimpuls.com\/\",\"name\":\"TRANSIENT Kulturprojekte\",\"description\":\"\",\"publisher\":{\"@id\":\"https:\/\/transientimpuls.com\/#organization\"},\"potentialAction\":[{\"@type\":\"SearchAction\",\"target\":{\"@type\":\"EntryPoint\",\"urlTemplate\":\"https:\/\/transientimpuls.com\/?s={search_term_string}\"},\"query-input\":\"required name=search_term_string\"}],\"inLanguage\":\"en-US\"},{\"@type\":\"Organization\",\"@id\":\"https:\/\/transientimpuls.com\/#organization\",\"name\":\"TRANSIENT Labor und Academy 2022\",\"url\":\"https:\/\/transientimpuls.com\/\",\"logo\":{\"@type\":\"ImageObject\",\"inLanguage\":\"en-US\",\"@id\":\"https:\/\/transientimpuls.com\/#\/schema\/logo\/image\/\",\"url\":\"https:\/\/transientimpuls.com\/wp-content\/uploads\/2022\/07\/transient_labor-academy-2022.svg\",\"contentUrl\":\"https:\/\/transientimpuls.com\/wp-content\/uploads\/2022\/07\/transient_labor-academy-2022.svg\",\"width\":1428,\"height\":388,\"caption\":\"TRANSIENT Labor und Academy 2022\"},\"image\":{\"@id\":\"https:\/\/transientimpuls.com\/#\/schema\/logo\/image\/\"},\"sameAs\":[\"https:\/\/www.facebook.com\/TransientImpuls\"]}]}<\/script>\n<!-- \/ Yoast SEO plugin. -->","yoast_head_json":{"title":"Zwiegespr\u00e4che 1: Denk ich an die Eifel\u2026 &#8226; TRANSIENT Labor und Academy 2022","robots":{"index":"index","follow":"follow","max-snippet":"max-snippet:-1","max-image-preview":"max-image-preview:large","max-video-preview":"max-video-preview:-1"},"canonical":"https:\/\/transientimpuls.com\/bibliothek\/zwiegespraeche-1-denk-ich-an-die-eifel\/","og_locale":"en_US","og_type":"article","og_title":"Zwiegespr\u00e4che 1: Denk ich an die Eifel\u2026 &#8226; TRANSIENT Labor und Academy 2022","og_description":"\u2026 Denk ich an die Eifel, denke ich an Stille. Ich h\u00f6re, ich sehe, ich f\u00fchle sie f\u00f6rmlich und ab und an kam ich mir dort mit meiner Bassposaune fast wie ein St\u00f6renfried vor, zu laut f\u00fcr die sonst eher zarten Kl\u00e4nge der Natur. Umso passender, dass meine Aufgabe war &#8211; zumindest bei Transient OUTDOOR [&hellip;]","og_url":"https:\/\/transientimpuls.com\/bibliothek\/zwiegespraeche-1-denk-ich-an-die-eifel\/","og_site_name":"TRANSIENT Labor und Academy 2022","article_publisher":"https:\/\/www.facebook.com\/TransientImpuls","article_modified_time":"2023-12-23T17:28:28+00:00","og_image":[{"width":1068,"height":601,"url":"https:\/\/transientimpuls.com\/wp-content\/uploads\/2023\/10\/Maxine-nachdenklich-\u00a9GaiaMarturano-1.jpg","type":"image\/jpeg"}],"twitter_card":"summary_large_image","twitter_misc":{"Est. reading time":"2 minutes"},"schema":{"@context":"https:\/\/schema.org","@graph":[{"@type":"WebPage","@id":"https:\/\/transientimpuls.com\/bibliothek\/zwiegespraeche-1-denk-ich-an-die-eifel\/","url":"https:\/\/transientimpuls.com\/bibliothek\/zwiegespraeche-1-denk-ich-an-die-eifel\/","name":"Zwiegespr\u00e4che 1: Denk ich an die Eifel\u2026 &#8226; TRANSIENT Labor und Academy 2022","isPartOf":{"@id":"https:\/\/transientimpuls.com\/#website"},"primaryImageOfPage":{"@id":"https:\/\/transientimpuls.com\/bibliothek\/zwiegespraeche-1-denk-ich-an-die-eifel\/#primaryimage"},"image":{"@id":"https:\/\/transientimpuls.com\/bibliothek\/zwiegespraeche-1-denk-ich-an-die-eifel\/#primaryimage"},"thumbnailUrl":"https:\/\/transientimpuls.com\/wp-content\/uploads\/2023\/10\/Maxine-nachdenklich-\u00a9GaiaMarturano-1.jpg","datePublished":"2023-10-19T06:49:06+00:00","dateModified":"2023-12-23T17:28:28+00:00","breadcrumb":{"@id":"https:\/\/transientimpuls.com\/bibliothek\/zwiegespraeche-1-denk-ich-an-die-eifel\/#breadcrumb"},"inLanguage":"en-US","potentialAction":[{"@type":"ReadAction","target":["https:\/\/transientimpuls.com\/bibliothek\/zwiegespraeche-1-denk-ich-an-die-eifel\/"]}]},{"@type":"ImageObject","inLanguage":"en-US","@id":"https:\/\/transientimpuls.com\/bibliothek\/zwiegespraeche-1-denk-ich-an-die-eifel\/#primaryimage","url":"https:\/\/transientimpuls.com\/wp-content\/uploads\/2023\/10\/Maxine-nachdenklich-\u00a9GaiaMarturano-1.jpg","contentUrl":"https:\/\/transientimpuls.com\/wp-content\/uploads\/2023\/10\/Maxine-nachdenklich-\u00a9GaiaMarturano-1.jpg","width":1068,"height":601,"caption":"Foto \u00a9 Gaia Marturano"},{"@type":"BreadcrumbList","@id":"https:\/\/transientimpuls.com\/bibliothek\/zwiegespraeche-1-denk-ich-an-die-eifel\/#breadcrumb","itemListElement":[{"@type":"ListItem","position":1,"name":"Startseite","item":"https:\/\/transientimpuls.com\/en\/home\/"},{"@type":"ListItem","position":2,"name":"Bibliothek","item":"https:\/\/transientimpuls.com\/bibliothek\/"},{"@type":"ListItem","position":3,"name":"Zwiegespr\u00e4che 1: Denk ich an die Eifel\u2026"}]},{"@type":"WebSite","@id":"https:\/\/transientimpuls.com\/#website","url":"https:\/\/transientimpuls.com\/","name":"TRANSIENT Kulturprojekte","description":"","publisher":{"@id":"https:\/\/transientimpuls.com\/#organization"},"potentialAction":[{"@type":"SearchAction","target":{"@type":"EntryPoint","urlTemplate":"https:\/\/transientimpuls.com\/?s={search_term_string}"},"query-input":"required name=search_term_string"}],"inLanguage":"en-US"},{"@type":"Organization","@id":"https:\/\/transientimpuls.com\/#organization","name":"TRANSIENT Labor und Academy 2022","url":"https:\/\/transientimpuls.com\/","logo":{"@type":"ImageObject","inLanguage":"en-US","@id":"https:\/\/transientimpuls.com\/#\/schema\/logo\/image\/","url":"https:\/\/transientimpuls.com\/wp-content\/uploads\/2022\/07\/transient_labor-academy-2022.svg","contentUrl":"https:\/\/transientimpuls.com\/wp-content\/uploads\/2022\/07\/transient_labor-academy-2022.svg","width":1428,"height":388,"caption":"TRANSIENT Labor und Academy 2022"},"image":{"@id":"https:\/\/transientimpuls.com\/#\/schema\/logo\/image\/"},"sameAs":["https:\/\/www.facebook.com\/TransientImpuls"]}]}},"_links":{"self":[{"href":"https:\/\/transientimpuls.com\/en\/wp-json\/wp\/v2\/bibliothek\/6796","targetHints":{"allow":["GET"]}}],"collection":[{"href":"https:\/\/transientimpuls.com\/en\/wp-json\/wp\/v2\/bibliothek"}],"about":[{"href":"https:\/\/transientimpuls.com\/en\/wp-json\/wp\/v2\/types\/bibliothek"}],"author":[{"embeddable":true,"href":"https:\/\/transientimpuls.com\/en\/wp-json\/wp\/v2\/users\/11"}],"version-history":[{"count":0,"href":"https:\/\/transientimpuls.com\/en\/wp-json\/wp\/v2\/bibliothek\/6796\/revisions"}],"wp:featuredmedia":[{"embeddable":true,"href":"https:\/\/transientimpuls.com\/en\/wp-json\/wp\/v2\/media\/6829"}],"wp:attachment":[{"href":"https:\/\/transientimpuls.com\/en\/wp-json\/wp\/v2\/media?parent=6796"}],"wp:term":[{"taxonomy":"category","embeddable":true,"href":"https:\/\/transientimpuls.com\/en\/wp-json\/wp\/v2\/categories?post=6796"},{"taxonomy":"post_tag","embeddable":true,"href":"https:\/\/transientimpuls.com\/en\/wp-json\/wp\/v2\/tags?post=6796"},{"taxonomy":"festivaljahr","embeddable":true,"href":"https:\/\/transientimpuls.com\/en\/wp-json\/wp\/v2\/festivaljahr?post=6796"}],"curies":[{"name":"wp","href":"https:\/\/api.w.org\/{rel}","templated":true}]}}